{"id":173,"date":"2024-11-18T11:03:28","date_gmt":"2024-11-18T10:03:28","guid":{"rendered":"https:\/\/formation-assistante-maternelle.fr\/?page_id=173"},"modified":"2025-09-04T18:17:19","modified_gmt":"2025-09-04T16:17:19","slug":"formation-continu","status":"publish","type":"page","link":"https:\/\/formation-assistante-maternelle.fr\/index.php\/formation-continu\/","title":{"rendered":"Formation continue"},"content":{"rendered":"<p>[et_pb_section fb_built=\u00a0\u00bb1&Prime; prev_background_color=\u00a0\u00bb#ffffff\u00a0\u00bb admin_label=\u00a0\u00bbServices\u00a0\u00bb _builder_version=\u00a0\u00bb4.23.1&Prime; background_enable_color=\u00a0\u00bboff\u00a0\u00bb use_background_color_gradient=\u00a0\u00bbon\u00a0\u00bb background_color_gradient_stops=\u00a0\u00bb#ff8c01 1%|#ffffff 100%\u00a0\u00bb background_color_gradient_start=\u00a0\u00bb#fff6ef\u00a0\u00bb background_color_gradient_end=\u00a0\u00bb#ffffff\u00a0\u00bb background_enable_image=\u00a0\u00bboff\u00a0\u00bb background_size=\u00a0\u00bbinitial\u00a0\u00bb background_position=\u00a0\u00bbbottom_center\u00a0\u00bb custom_padding=\u00a0\u00bb10vw|||||\u00a0\u00bb top_divider_style=\u00a0\u00bbwave\u00a0\u00bb top_divider_height=\u00a0\u00bb20vw\u00a0\u00bb global_colors_info=\u00a0\u00bb{}\u00a0\u00bb][et_pb_row column_structure=\u00a0\u00bb1_2,1_2&Prime; _builder_version=\u00a0\u00bb4.16&Prime; custom_padding=\u00a0\u00bb||0px|||\u00a0\u00bb global_colors_info=\u00a0\u00bb{}\u00a0\u00bb][et_pb_column type=\u00a0\u00bb1_2&Prime; _builder_version=\u00a0\u00bb4.16&Prime; custom_padding=\u00a0\u00bb|||\u00a0\u00bb global_colors_info=\u00a0\u00bb{}\u00a0\u00bb custom_padding__hover=\u00a0\u00bb|||\u00a0\u00bb][et_pb_text _builder_version=\u00a0\u00bb4.23.1&Prime; _module_preset=\u00a0\u00bbb6cb9bd8-0fbd-4699-b58d-51b3d480db23&Prime; header_2_font=\u00a0\u00bbPoppins|600|||||||\u00a0\u00bb header_2_text_color=\u00a0\u00bb#584070&Prime; header_2_font_size=\u00a0\u00bb50px\u00a0\u00bb header_2_line_height=\u00a0\u00bb1.3em\u00a0\u00bb custom_margin=\u00a0\u00bb||10px||false|false\u00a0\u00bb header_2_font_size_tablet=\u00a0\u00bb32px\u00a0\u00bb header_2_font_size_phone=\u00a0\u00bb20px\u00a0\u00bb header_2_font_size_last_edited=\u00a0\u00bbon|tablet\u00a0\u00bb header_2_line_height_tablet=\u00a0\u00bb1.4em\u00a0\u00bb header_2_line_height_phone=\u00a0\u00bb1.6em\u00a0\u00bb header_2_line_height_last_edited=\u00a0\u00bbon|tablet\u00a0\u00bb locked=\u00a0\u00bboff\u00a0\u00bb global_colors_info=\u00a0\u00bb{%22gcid-primary-color%22:%91%22header_2_text_color%22%93}\u00a0\u00bb]<\/p>\n<h2>Formation continue<\/h2>\n<p>[\/et_pb_text][et_pb_text _builder_version=\u00a0\u00bb4.27.0&Prime; text_font=\u00a0\u00bb||||||||\u00a0\u00bb text_text_color=\u00a0\u00bb#FFFFFF\u00a0\u00bb header_font=\u00a0\u00bb||||||||\u00a0\u00bb header_3_font=\u00a0\u00bbNunito|800||on|||||\u00a0\u00bb header_3_text_color=\u00a0\u00bb#FFFFFF\u00a0\u00bb header_3_font_size=\u00a0\u00bb14px\u00a0\u00bb header_3_letter_spacing=\u00a0\u00bb2px\u00a0\u00bb header_3_line_height=\u00a0\u00bb1.4em\u00a0\u00bb custom_margin=\u00a0\u00bb||18px|||\u00a0\u00bb locked=\u00a0\u00bboff\u00a0\u00bb global_colors_info=\u00a0\u00bb{}\u00a0\u00bb]<\/p>\n<h3><b>MEDEO FORMATION, ORGANISME DE FORMATION LABELLIS\u00c9 IPERIA, plateforme nationale de professionnalisation mandat\u00e9e par la branche du secteur des particuliers employeurs et de l&#8217;emploi \u00e0 domicile afin de<br \/>\nPROPOSER UNE OFFRE DE FORMATION CONTINUE COMPL\u00c8TE ET INNOVANTE POUR LES PROFESSIONNELS DES M\u00c9TIERS DU DOMICILE.<br \/>\n<\/b><\/h3>\n<p>[\/et_pb_text][et_pb_button button_url=\u00a0\u00bbhttps:\/\/medeo-formation.catalogueformpro.com\/16\/iperia-parcours-modulaire\u00a0\u00bb button_text=\u00a0\u00bbd\u00e9couvrir\u00a0\u00bb _builder_version=\u00a0\u00bb4.23.1&Prime; custom_button=\u00a0\u00bbon\u00a0\u00bb button_text_size=\u00a0\u00bb14px\u00a0\u00bb button_text_color=\u00a0\u00bb#584070&Prime; button_bg_color=\u00a0\u00bb#FFFFFF\u00a0\u00bb button_border_width=\u00a0\u00bb0px\u00a0\u00bb button_border_radius=\u00a0\u00bb100px\u00a0\u00bb button_letter_spacing=\u00a0\u00bb1px\u00a0\u00bb button_font=\u00a0\u00bbNunito|800||on|||||\u00a0\u00bb custom_padding=\u00a0\u00bb13px|30px|13px|30px|true|true\u00a0\u00bb box_shadow_style=\u00a0\u00bbpreset3&Prime; box_shadow_color=\u00a0\u00bbrgba(255,112,0,0.32)\u00a0\u00bb global_colors_info=\u00a0\u00bb{%22gcid-primary-color%22:%91%22button_text_color%22%93}\u00a0\u00bb][\/et_pb_button][\/et_pb_column][et_pb_column type=\u00a0\u00bb1_2&Prime; _builder_version=\u00a0\u00bb4.16&Prime; custom_padding=\u00a0\u00bb|||\u00a0\u00bb global_colors_info=\u00a0\u00bb{}\u00a0\u00bb custom_padding__hover=\u00a0\u00bb|||\u00a0\u00bb][et_pb_image src=\u00a0\u00bbhttp:\/\/formation-assistante-maternelle.fr\/wp-content\/uploads\/2024\/11\/Design-sans-titre-2024-07-01T105801.629.png\u00a0\u00bb alt=\u00a0\u00bbiperia perpignan\u00a0\u00bb title_text=\u00a0\u00bbiperia perpignan\u00a0\u00bb _builder_version=\u00a0\u00bb4.23.1&Prime; transform_translate=\u00a0\u00bb5vw|0px\u00a0\u00bb transform_translate_linked=\u00a0\u00bboff\u00a0\u00bb width_last_edited=\u00a0\u00bboff|desktop\u00a0\u00bb max_width_tablet=\u00a0\u00bb400px\u00a0\u00bb max_width_phone=\u00a0\u00bb\u00a0\u00bb max_width_last_edited=\u00a0\u00bbon|desktop\u00a0\u00bb custom_margin=\u00a0\u00bb-41.3%||-41.3%||true|\u00a0\u00bb custom_margin_tablet=\u00a0\u00bb0%||\u00a0\u00bb custom_margin_phone=\u00a0\u00bb\u00a0\u00bb custom_margin_last_edited=\u00a0\u00bbon|desktop\u00a0\u00bb global_colors_info=\u00a0\u00bb{}\u00a0\u00bb][\/et_pb_image][\/et_pb_column][\/et_pb_row][\/et_pb_section][et_pb_section fb_built=\u00a0\u00bb1&Prime; _builder_version=\u00a0\u00bb4.25.2&Prime; _module_preset=\u00a0\u00bbdefault\u00a0\u00bb background_enable_color=\u00a0\u00bboff\u00a0\u00bb background_enable_image=\u00a0\u00bboff\u00a0\u00bb custom_padding=\u00a0\u00bb16px||55px|||\u00a0\u00bb global_colors_info=\u00a0\u00bb{}\u00a0\u00bb][et_pb_row custom_padding_last_edited=\u00a0\u00bbon|desktop\u00a0\u00bb _builder_version=\u00a0\u00bb4.23.1&Prime; background_enable_color=\u00a0\u00bboff\u00a0\u00bb background_size=\u00a0\u00bbinitial\u00a0\u00bb background_position=\u00a0\u00bbbottom_right\u00a0\u00bb max_width=\u00a0\u00bb1140px\u00a0\u00bb overflow-x=\u00a0\u00bbvisible\u00a0\u00bb overflow-y=\u00a0\u00bbvisible\u00a0\u00bb custom_margin=\u00a0\u00bb-31px|auto|-57px|-2px||\u00a0\u00bb custom_padding=\u00a0\u00bb0px|60px|0px|60px|false|true\u00a0\u00bb custom_padding_tablet=\u00a0\u00bb40px|30px||30px||true\u00a0\u00bb custom_padding_phone=\u00a0\u00bb\u00a0\u00bb border_radii=\u00a0\u00bbon|10px|10px|10px|10px\u00a0\u00bb locked=\u00a0\u00bboff\u00a0\u00bb global_colors_info=\u00a0\u00bb{}\u00a0\u00bb][et_pb_column type=\u00a0\u00bb4_4&Prime; _builder_version=\u00a0\u00bb4.16&Prime; custom_padding=\u00a0\u00bb100px|||\u00a0\u00bb custom_padding_tablet=\u00a0\u00bb0px||\u00a0\u00bb custom_padding_phone=\u00a0\u00bb\u00a0\u00bb custom_padding_last_edited=\u00a0\u00bbon|desktop\u00a0\u00bb global_colors_info=\u00a0\u00bb{}\u00a0\u00bb custom_padding__hover=\u00a0\u00bb|||\u00a0\u00bb][et_pb_text _builder_version=\u00a0\u00bb4.23.1&Prime; _module_preset=\u00a0\u00bbb6cb9bd8-0fbd-4699-b58d-51b3d480db23&Prime; header_2_font=\u00a0\u00bbPoppins|600|||||||\u00a0\u00bb header_2_text_color=\u00a0\u00bb#584070&Prime; header_2_font_size=\u00a0\u00bb52px\u00a0\u00bb header_2_line_height=\u00a0\u00bb1.3em\u00a0\u00bb custom_margin=\u00a0\u00bb-62px||10px||false|false\u00a0\u00bb custom_padding=\u00a0\u00bb40px|||||\u00a0\u00bb header_2_font_size_tablet=\u00a0\u00bb32px\u00a0\u00bb header_2_font_size_phone=\u00a0\u00bb20px\u00a0\u00bb header_2_font_size_last_edited=\u00a0\u00bbon|tablet\u00a0\u00bb header_2_line_height_tablet=\u00a0\u00bb1.4em\u00a0\u00bb header_2_line_height_phone=\u00a0\u00bb1.6em\u00a0\u00bb header_2_line_height_last_edited=\u00a0\u00bbon|tablet\u00a0\u00bb locked=\u00a0\u00bboff\u00a0\u00bb global_colors_info=\u00a0\u00bb{%22gcid-primary-color%22:%91%22header_2_text_color%22%93}\u00a0\u00bb]<\/p>\n<h2 style=\"text-align: left;\">Un engagement pour la professionnalisation<\/h2>\n<p>[\/et_pb_text][et_pb_text _builder_version=\u00a0\u00bb4.27.0&Prime; _module_preset=\u00a0\u00bbdefault\u00a0\u00bb text_font=\u00a0\u00bbPoppins||||||||\u00a0\u00bb text_text_color=\u00a0\u00bb#000000&Prime; text_font_size=\u00a0\u00bb15px\u00a0\u00bb global_colors_info=\u00a0\u00bb{}\u00a0\u00bb]<\/p>\n<p>Un engagement pour la professionnalisation.<\/p>\n<p>Medeo Formation s\u2019engage \u00e0 accompagner les professionnels du domicile dans leur d\u00e9veloppement de comp\u00e9tences et leur \u00e9volution professionnelle.<\/p>\n<p>Nous proposons des formations certifiantes et continues du plan de formation prioritaire de la branche du particuliers employeurs et de l\u2019emplois \u00e0 domicile con\u00e7ue par l\u2019UDD.<br \/><a href=\"https:\/\/udd.eu\/secteur-emploi-a-domicile\">https:\/\/udd.eu\/secteur-emploi-a-domicile<\/a><br \/>L\u2019Universit\u00e9 du domicile concois chaque ann\u00e9e une offre compl\u00e8te de formation (pr\u00e9sentielle, distancielle, multimodale), r\u00e9pondant \u00e0 la politique de la branche professionnelle et aux r\u00e9f\u00e9rentiels d\u2019activit\u00e9s et de comp\u00e9tences d\u00e9finis par IPERIA, certificateur du secteur.<\/p>\n<p>Cette offre de formation concourt au renforcement de l\u2019attractivit\u00e9 des m\u00e9tiers et installe l\u2019\u00e9volution des comp\u00e9tences dans une vision prospective, qualitative et quantitative au service des m\u00e9tiers de l\u2019emploi \u00e0 domicile.<\/p>\n<p>Par leur processus rigoureux de s\u00e9lection des formateurs experts et des organismes de formation partenaires garantissant ainsi un d\u00e9ploiement optimal de l\u2019offre de formation du secteur de l\u2019emploi \u00e0 domicile sur l\u2019ensemble du territoire fran\u00e7ais.<\/p>\n<p><a href=\"https:\/\/udd.eu\/secteur-emploi-a-domicile\">https:\/\/udd.eu\/secteur-emploi-a-domicile<\/a><\/p>\n<p>[\/et_pb_text][\/et_pb_column][\/et_pb_row][\/et_pb_section][et_pb_section fb_built=\u00a0\u00bb1&Prime; prev_background_color=\u00a0\u00bb#ffffff\u00a0\u00bb admin_label=\u00a0\u00bbServices\u00a0\u00bb _builder_version=\u00a0\u00bb4.25.2&Prime; background_color=\u00a0\u00bb#ff8c01&Prime; use_background_color_gradient=\u00a0\u00bbon\u00a0\u00bb background_color_gradient_stops=\u00a0\u00bb#ff8c01 0%|#ffffff 100%\u00a0\u00bb background_color_gradient_start=\u00a0\u00bb#fff6ef\u00a0\u00bb background_color_gradient_end=\u00a0\u00bb#ffffff\u00a0\u00bb background_enable_image=\u00a0\u00bboff\u00a0\u00bb background_size=\u00a0\u00bbinitial\u00a0\u00bb background_position=\u00a0\u00bbbottom_center\u00a0\u00bb custom_padding=\u00a0\u00bb4vw|||||\u00a0\u00bb top_divider_style=\u00a0\u00bbwave\u00a0\u00bb top_divider_height=\u00a0\u00bb20vw\u00a0\u00bb global_colors_info=\u00a0\u00bb{}\u00a0\u00bb][et_pb_row _builder_version=\u00a0\u00bb4.23.1&Prime; background_color=\u00a0\u00bb#ffffff\u00a0\u00bb background_size=\u00a0\u00bbinitial\u00a0\u00bb background_position=\u00a0\u00bbbottom_right\u00a0\u00bb max_width=\u00a0\u00bb1140px\u00a0\u00bb custom_margin=\u00a0\u00bb103px|auto||auto||\u00a0\u00bb custom_padding=\u00a0\u00bb36px|30px|31px|30px|false|true\u00a0\u00bb border_radii=\u00a0\u00bb|10px|10px||\u00a0\u00bb box_shadow_style=\u00a0\u00bbpreset3&Prime; box_shadow_vertical=\u00a0\u00bb90px\u00a0\u00bb box_shadow_blur=\u00a0\u00bb180px\u00a0\u00bb box_shadow_spread=\u00a0\u00bb-30px\u00a0\u00bb box_shadow_color=\u00a0\u00bbrgba(0,0,0,0.12)\u00a0\u00bb global_colors_info=\u00a0\u00bb{}\u00a0\u00bb][et_pb_column type=\u00a0\u00bb4_4&Prime; _builder_version=\u00a0\u00bb4.16&Prime; custom_padding=\u00a0\u00bb|||\u00a0\u00bb global_colors_info=\u00a0\u00bb{}\u00a0\u00bb custom_padding__hover=\u00a0\u00bb|||\u00a0\u00bb][et_pb_text _builder_version=\u00a0\u00bb4.23.1&Prime; _module_preset=\u00a0\u00bbdefault\u00a0\u00bb text_font=\u00a0\u00bbPoppins||||||||\u00a0\u00bb text_text_color=\u00a0\u00bb#000000&Prime; text_font_size=\u00a0\u00bb15px\u00a0\u00bb global_colors_info=\u00a0\u00bb{}\u00a0\u00bb]<\/p>\n<p><strong><span style=\"vertical-align: inherit;\"><span style=\"vertical-align: inherit;\"><span style=\"vertical-align: inherit;\"><span style=\"vertical-align: inherit;\">Une offre de formation adapt\u00e9e \u00e0 tous les besoins<\/span><\/span><\/span><\/span><\/strong><\/p>\n<p><span style=\"font-size: 15px;\">Medeo Formation propose une large gamme de formations couvrant l\u2019ensemble des m\u00e9tiers du domicile :<\/span><\/p>\n<ul>\n<li style=\"font-weight: 400;\" aria-level=\"1\">Assistante de vie d\u00e9pendance<\/li>\n<li style=\"font-weight: 400;\" aria-level=\"1\">Assistante maternelle<\/li>\n<li style=\"font-weight: 400;\" aria-level=\"1\">Garde d\u2019enfants<\/li>\n<li style=\"font-weight: 400;\" aria-level=\"1\">Employ\u00e9 familial<\/li>\n<\/ul>\n<p><span style=\"font-weight: 400;\"><span style=\"vertical-align: inherit;\"><span style=\"vertical-align: inherit;\"><span style=\"vertical-align: inherit;\"><span style=\"vertical-align: inherit;\">Les formations sont disponibles en pr\u00e9sentiel, en distanciel ou en blended learning, permettant ainsi aux apprenants de choisir le format p\u00e9dagogique qui leur convient le mieux.\u00a0<\/span><\/span><\/span><\/span><\/span><\/p>\n<p><span style=\"font-weight: 400;\"><span style=\"vertical-align: inherit;\"><span style=\"vertical-align: inherit;\"><span style=\"vertical-align: inherit;\"><span style=\"vertical-align: inherit;\">Medeo Formation propose \u00e9galement des formations individualis\u00e9es et des parcours de professionnalisation sur-mesure pour r\u00e9pondre aux besoins sp\u00e9cifiques des entreprises et des particuliers employeurs.<\/span><\/span><\/span><\/span><\/span><\/p>\n<p><strong>L\u2019offre de certification, elle se compose d\u00e9sormais de :<\/strong><\/p>\n<p>3 titres \u00e0 finalit\u00e9 professionnelle de niveau 3 \u00ab Assistant de vie d\u00e9pendance \u00bb, \u00ab Employ\u00e9 familial \u00bb et \u00ab Assistant maternel\/Garde d\u2019enfants \u00bb, \u00e9ligibles \u00e0 la VAE et inscrits au R\u00e9pertoire National des Certifications Professionnelles depuis 2009.<\/p>\n<p>16 blocs de comp\u00e9tences (qui composent les titres), accessibles aux salari\u00e9s du secteur et aux demandeurs d\u2019emploi, gr\u00e2ce aux 58 heures du plan de d\u00e9veloppement des comp\u00e9tences et\/ou au Compte Personnel de Formation (CPF), o\u00f9 encore gr\u00e2ce \u00e0 des dispositifs territoriaux sp\u00e9cifiques. Ils peuvent ainsi construire leur parcours de mani\u00e8re individualis\u00e9e, au gr\u00e9 de leurs envies et ambitions professionnelles.<\/p>\n<p>5 certificats enregistr\u00e9s au r\u00e9pertoire sp\u00e9cifique de France comp\u00e9tences \u2013 nouveaut\u00e9 2022, qui apportent des comp\u00e9tences compl\u00e9mentaires recherch\u00e9es par les salari\u00e9s et en ad\u00e9quation avec les besoins des particuliers employeurs : \u00ab Adapter l\u2019accompagnement \u00e0 domicile d\u2019un enfant avec troubles du spectre de l\u2019autisme \u00bb, \u00ab Adapter l\u2019accompagnement \u00e0 domicile d\u2019un enfant en fonction de son handicap \u00bb, \u00ab Adapter son accompagnement \u00e0 domicile d\u2019une personne \u00e2g\u00e9e ayant des troubles cognitifs \u00bb, \u00ab Adapter l\u2019accompagnement \u00e0 domicile d\u2019une personne en fonction de son handicap moteur \u00bb et le Certificat de Qualification Professionnelle (CQP) \u00ab Travailler en Maison d\u2019assistants\u00a0maternels\u00a0\u00bb.<\/p>\n<p><span style=\"font-weight: 400;\"><span style=\"vertical-align: inherit;\"><span style=\"vertical-align: inherit;\"><span style=\"vertical-align: inherit;\"><span style=\"vertical-align: inherit;\"><\/span><\/span><\/span><\/span><\/span><\/p>\n<p><strong><span style=\"vertical-align: inherit;\"><span style=\"vertical-align: inherit;\"><span style=\"vertical-align: inherit;\"><span style=\"vertical-align: inherit;\">Un accompagnement p\u00e9dagogique personnalis\u00e9<\/span><\/span><\/span><\/span><\/strong><\/p>\n<p><span style=\"font-weight: 400;\"><span style=\"vertical-align: inherit;\"><span style=\"vertical-align: inherit;\"><span style=\"vertical-align: inherit;\"><span style=\"vertical-align: inherit;\">Medeo Formation met \u00e0 disposition des apprenants une \u00e9quipe p\u00e9dagogique exp\u00e9riment\u00e9e et bienveillante.\u00a0<\/span><\/span><\/span><\/span><\/span><\/p>\n<p><span style=\"font-weight: 400;\"><span style=\"vertical-align: inherit;\"><span style=\"vertical-align: inherit;\"><span style=\"vertical-align: inherit;\"><span style=\"vertical-align: inherit;\">Cette \u00e9quipe accompagne chaque individu dans son parcours de formation et lui apporte les outils et les comp\u00e9tences n\u00e9cessaires pour r\u00e9ussir dans son m\u00e9tier.<\/span><\/span><\/span><\/span><\/span><\/p>\n<p><strong><span style=\"vertical-align: inherit;\"><span style=\"vertical-align: inherit;\"><span style=\"vertical-align: inherit;\"><span style=\"vertical-align: inherit;\">Medeo Formation, partenaire de votre professionnalisation<\/span><\/span><\/span><\/span><\/strong><\/p>\n<p><span style=\"font-weight: 400;\"><span style=\"vertical-align: inherit;\"><span style=\"vertical-align: inherit;\"><span style=\"vertical-align: inherit;\"><span style=\"vertical-align: inherit;\">Chez Medeo Formation, vous b\u00e9n\u00e9ficiez d&rsquo;une expertise reconnue et d&rsquo;un accompagnement p\u00e9dagogique de qualit\u00e9. L&rsquo;organisme vous offre la possibilit\u00e9 d&rsquo;acqu\u00e9rir les comp\u00e9tences et les qualifications n\u00e9cessaires pour \u00e9voluer dans votre carri\u00e8re et r\u00e9pondre aux exigences du march\u00e9.<\/span><\/span><\/span><\/span><\/span><\/p>\n<p><span style=\"font-weight: 400;\"><span style=\"vertical-align: inherit;\"><span style=\"vertical-align: inherit;\"><span style=\"vertical-align: inherit;\"><span style=\"vertical-align: inherit;\">Pour en savoir plus sur l&rsquo;offre de formation continue de Medeo Formation, contactez-nous au\u00a0 <\/span><\/span><\/span><\/span><\/span><span style=\"font-weight: 400;\"><span style=\"vertical-align: inherit;\"><span style=\"vertical-align: inherit;\"><span style=\"vertical-align: inherit;\"><span style=\"vertical-align: inherit;\">04 68 36 97 53 &#8211; \u00a0 <\/span><\/span><\/span><\/span><\/span><a href=\"mailto:cfa@medeo-formation.fr\"><span style=\"font-weight: 400;\"><span style=\"vertical-align: inherit;\"><span style=\"vertical-align: inherit;\"><span style=\"vertical-align: inherit;\"><span style=\"vertical-align: inherit;\">cfa@medeo-formation.fr<\/span><\/span><\/span><\/span><\/span><\/a><\/p>\n<p><span style=\"font-weight: 400;\"><span style=\"vertical-align: inherit;\"><span style=\"vertical-align: inherit;\"><span style=\"vertical-align: inherit;\"><span style=\"vertical-align: inherit;\">Retrouvez l&rsquo;ensemble de notre offre sur notre <\/span><\/span><a href=\"https:\/\/medeo-formation.catalogueformpro.com\/\"><span style=\"vertical-align: inherit;\"><span style=\"vertical-align: inherit;\">catalogue<\/span><\/span><\/a><span style=\"vertical-align: inherit;\"><span style=\"vertical-align: inherit;\"> !<\/span><\/span><\/span><\/span><\/span><\/p>\n<p><span><u><\/u><\/span><\/p>\n<p>[\/et_pb_text][\/et_pb_column][\/et_pb_row][\/et_pb_section]<\/p>\n","protected":false},"excerpt":{"rendered":"<p>Formation continueMEDEO FORMATION, ORGANISME DE FORMATION LABELLIS\u00c9 IPERIA, plateforme nationale de professionnalisation mandat\u00e9e par la branche du secteur des particuliers employeurs et de l&#8217;emploi \u00e0 domicile afin de PROPOSER UNE OFFRE DE FORMATION CONTINUE COMPL\u00c8TE ET INNOVANTE POUR LES PROFESSIONNELS DES M\u00c9TIERS DU DOMICILE. Un engagement pour la professionnalisationUn engagement pour la professionnalisation. Medeo Formation [&hellip;]<\/p>\n","protected":false},"author":1,"featured_media":0,"parent":0,"menu_order":0,"comment_status":"closed","ping_status":"closed","template":"","meta":{"_et_pb_use_builder":"on","_et_pb_old_content":"","_et_gb_content_width":"","footnotes":""},"class_list":["post-173","page","type-page","status-publish","hentry"],"yoast_head":"<!-- This site is optimized with the Yoast SEO plugin v26.9 - https:\/\/yoast.com\/product\/yoast-seo-wordpress\/ -->\n<title>Formation continue - Assistante maternelle<\/title>\n<meta name=\"robots\" content=\"index, follow, max-snippet:-1, max-image-preview:large, max-video-preview:-1\" \/>\n<link rel=\"canonical\" href=\"https:\/\/formation-assistante-maternelle.fr\/index.php\/formation-continu\/\" \/>\n<meta property=\"og:locale\" content=\"fr_FR\" \/>\n<meta property=\"og:type\" content=\"article\" \/>\n<meta property=\"og:title\" content=\"Formation continue - Assistante maternelle\" \/>\n<meta property=\"og:description\" content=\"Formation continueMEDEO FORMATION, ORGANISME DE FORMATION LABELLIS\u00c9 IPERIA, plateforme nationale de professionnalisation mandat\u00e9e par la branche du secteur des particuliers employeurs et de l&#039;emploi \u00e0 domicile afin de PROPOSER UNE OFFRE DE FORMATION CONTINUE COMPL\u00c8TE ET INNOVANTE POUR LES PROFESSIONNELS DES M\u00c9TIERS DU DOMICILE. Un engagement pour la professionnalisationUn engagement pour la professionnalisation. Medeo Formation [&hellip;]\" \/>\n<meta property=\"og:url\" content=\"https:\/\/formation-assistante-maternelle.fr\/index.php\/formation-continu\/\" \/>\n<meta property=\"og:site_name\" content=\"Assistante maternelle\" \/>\n<meta property=\"article:modified_time\" content=\"2025-09-04T16:17:19+00:00\" \/>\n<meta name=\"twitter:card\" content=\"summary_large_image\" \/>\n<meta name=\"twitter:label1\" content=\"Dur\u00e9e de lecture estim\u00e9e\" \/>\n\t<meta name=\"twitter:data1\" content=\"7 minutes\" \/>\n<script type=\"application\/ld+json\" class=\"yoast-schema-graph\">{\"@context\":\"https:\/\/schema.org\",\"@graph\":[{\"@type\":\"WebPage\",\"@id\":\"https:\/\/formation-assistante-maternelle.fr\/index.php\/formation-continu\/\",\"url\":\"https:\/\/formation-assistante-maternelle.fr\/index.php\/formation-continu\/\",\"name\":\"Formation continue - Assistante maternelle\",\"isPartOf\":{\"@id\":\"https:\/\/formation-assistante-maternelle.fr\/#website\"},\"datePublished\":\"2024-11-18T10:03:28+00:00\",\"dateModified\":\"2025-09-04T16:17:19+00:00\",\"breadcrumb\":{\"@id\":\"https:\/\/formation-assistante-maternelle.fr\/index.php\/formation-continu\/#breadcrumb\"},\"inLanguage\":\"fr-FR\",\"potentialAction\":[{\"@type\":\"ReadAction\",\"target\":[\"https:\/\/formation-assistante-maternelle.fr\/index.php\/formation-continu\/\"]}]},{\"@type\":\"BreadcrumbList\",\"@id\":\"https:\/\/formation-assistante-maternelle.fr\/index.php\/formation-continu\/#breadcrumb\",\"itemListElement\":[{\"@type\":\"ListItem\",\"position\":1,\"name\":\"Accueil\",\"item\":\"https:\/\/formation-assistante-maternelle.fr\/\"},{\"@type\":\"ListItem\",\"position\":2,\"name\":\"Formation continue\"}]},{\"@type\":\"WebSite\",\"@id\":\"https:\/\/formation-assistante-maternelle.fr\/#website\",\"url\":\"https:\/\/formation-assistante-maternelle.fr\/\",\"name\":\"Assistante maternelle\",\"description\":\"Formation \u00e0 Perpignan\",\"potentialAction\":[{\"@type\":\"SearchAction\",\"target\":{\"@type\":\"EntryPoint\",\"urlTemplate\":\"https:\/\/formation-assistante-maternelle.fr\/?s={search_term_string}\"},\"query-input\":{\"@type\":\"PropertyValueSpecification\",\"valueRequired\":true,\"valueName\":\"search_term_string\"}}],\"inLanguage\":\"fr-FR\"}]}<\/script>\n<!-- \/ Yoast SEO plugin. -->","yoast_head_json":{"title":"Formation continue - Assistante maternelle","robots":{"index":"index","follow":"follow","max-snippet":"max-snippet:-1","max-image-preview":"max-image-preview:large","max-video-preview":"max-video-preview:-1"},"canonical":"https:\/\/formation-assistante-maternelle.fr\/index.php\/formation-continu\/","og_locale":"fr_FR","og_type":"article","og_title":"Formation continue - Assistante maternelle","og_description":"Formation continueMEDEO FORMATION, ORGANISME DE FORMATION LABELLIS\u00c9 IPERIA, plateforme nationale de professionnalisation mandat\u00e9e par la branche du secteur des particuliers employeurs et de l'emploi \u00e0 domicile afin de PROPOSER UNE OFFRE DE FORMATION CONTINUE COMPL\u00c8TE ET INNOVANTE POUR LES PROFESSIONNELS DES M\u00c9TIERS DU DOMICILE. Un engagement pour la professionnalisationUn engagement pour la professionnalisation. Medeo Formation [&hellip;]","og_url":"https:\/\/formation-assistante-maternelle.fr\/index.php\/formation-continu\/","og_site_name":"Assistante maternelle","article_modified_time":"2025-09-04T16:17:19+00:00","twitter_card":"summary_large_image","twitter_misc":{"Dur\u00e9e de lecture estim\u00e9e":"7 minutes"},"schema":{"@context":"https:\/\/schema.org","@graph":[{"@type":"WebPage","@id":"https:\/\/formation-assistante-maternelle.fr\/index.php\/formation-continu\/","url":"https:\/\/formation-assistante-maternelle.fr\/index.php\/formation-continu\/","name":"Formation continue - Assistante maternelle","isPartOf":{"@id":"https:\/\/formation-assistante-maternelle.fr\/#website"},"datePublished":"2024-11-18T10:03:28+00:00","dateModified":"2025-09-04T16:17:19+00:00","breadcrumb":{"@id":"https:\/\/formation-assistante-maternelle.fr\/index.php\/formation-continu\/#breadcrumb"},"inLanguage":"fr-FR","potentialAction":[{"@type":"ReadAction","target":["https:\/\/formation-assistante-maternelle.fr\/index.php\/formation-continu\/"]}]},{"@type":"BreadcrumbList","@id":"https:\/\/formation-assistante-maternelle.fr\/index.php\/formation-continu\/#breadcrumb","itemListElement":[{"@type":"ListItem","position":1,"name":"Accueil","item":"https:\/\/formation-assistante-maternelle.fr\/"},{"@type":"ListItem","position":2,"name":"Formation continue"}]},{"@type":"WebSite","@id":"https:\/\/formation-assistante-maternelle.fr\/#website","url":"https:\/\/formation-assistante-maternelle.fr\/","name":"Assistante maternelle","description":"Formation \u00e0 Perpignan","potentialAction":[{"@type":"SearchAction","target":{"@type":"EntryPoint","urlTemplate":"https:\/\/formation-assistante-maternelle.fr\/?s={search_term_string}"},"query-input":{"@type":"PropertyValueSpecification","valueRequired":true,"valueName":"search_term_string"}}],"inLanguage":"fr-FR"}]}},"_links":{"self":[{"href":"https:\/\/formation-assistante-maternelle.fr\/index.php\/wp-json\/wp\/v2\/pages\/173","targetHints":{"allow":["GET"]}}],"collection":[{"href":"https:\/\/formation-assistante-maternelle.fr\/index.php\/wp-json\/wp\/v2\/pages"}],"about":[{"href":"https:\/\/formation-assistante-maternelle.fr\/index.php\/wp-json\/wp\/v2\/types\/page"}],"author":[{"embeddable":true,"href":"https:\/\/formation-assistante-maternelle.fr\/index.php\/wp-json\/wp\/v2\/users\/1"}],"replies":[{"embeddable":true,"href":"https:\/\/formation-assistante-maternelle.fr\/index.php\/wp-json\/wp\/v2\/comments?post=173"}],"version-history":[{"count":5,"href":"https:\/\/formation-assistante-maternelle.fr\/index.php\/wp-json\/wp\/v2\/pages\/173\/revisions"}],"predecessor-version":[{"id":987511705,"href":"https:\/\/formation-assistante-maternelle.fr\/index.php\/wp-json\/wp\/v2\/pages\/173\/revisions\/987511705"}],"wp:attachment":[{"href":"https:\/\/formation-assistante-maternelle.fr\/index.php\/wp-json\/wp\/v2\/media?parent=173"}],"curies":[{"name":"wp","href":"https:\/\/api.w.org\/{rel}","templated":true}]}}